{"id":2993,"date":"2024-04-23T10:58:23","date_gmt":"2024-04-23T08:58:23","guid":{"rendered":"https:\/\/amphi.projektserver.org\/?post_type=act&#038;p=2993"},"modified":"2024-04-23T10:58:23","modified_gmt":"2024-04-23T08:58:23","slug":"in-extremo","status":"publish","type":"act","link":"https:\/\/amphi-festival.de\/en\/act\/in-extremo\/","title":{"rendered":"In Extremo"},"content":{"rendered":"<p>Der donnernde Jubel der \u201e20 Wahre Jahre\u201c Jubil\u00e4ums Festivals letztes Jahr auf der Loreley klingt noch in den Ohren. Es war ein standesgem\u00e4\u00dfes Fest, das IN EXTREMO mit ihren Fans gefeiert haben. Ausverkauft! Vom WDR ROCKPALAST im Fernsehen festgehalten! Mit einer Atmosph\u00e4re, die noch heute beim Gedanken an die Sp\u00e4tsommern\u00e4chte G\u00e4nsehaut verursacht.<\/p>\n<p>Nun ist die gr\u00f6\u00dfte Mittelalter Rock Band wieder da! Mit ihrem zw\u00f6lften Studioalbum \u201eQuid Pro Quo\u201c!<\/p>\n<p>Platin-\/Gold-Auszeichnungen, Platz Eins Positionen in den Charts, ausverkaufte Hallen und fulminante Festival Auftritte haben die Sieben nicht m\u00fcde gemacht. Ganz im Gegenteil! Es juckte wieder in den Fingern.<\/p>\n<p>\u201eDu legst die Scheibe ein und h\u00f6rst am ersten Ton, dass es IN EXTREMO ist\u201c, so Frontmann Micha \u201eDas letzte Einhorn\u201c Rhein \u00fcber die neue Platte. Der Sound ist unverkennbar und vertraut, aber dennoch tritt das Septett nicht auf der Stelle. \u201eWir klingen hier und da ein wenig rockiger und mehr nach Metal, aber gleichzeitig arbeiten wir mit traditionellen Melodien und es kehren die Fremdsprachen zur\u00fcck, die es auf \u201eKunstraub\u201c nicht zu h\u00f6ren gab.\u201c<\/p>\n<p>\u201eWir haben neben dem klassischen Repertoire ein paar neue Mittelalter-Instrumente dazu genommen\u201c, erg\u00e4nzt Basti \u201eVan Lange\u201c und sch\u00fcrt Vorfreude auf &#8220;Pikse Palve&#8221;, eine folkloristische Back-To-The-Roots-Nummer in der Tradition der Zauberspr\u00fcche mit vielen medievalen Kl\u00e4ngen, die eine Mischung aus dem Donnergebet und dem Heiducken Tanz mit einem uralten estl\u00e4ndischen Text ist.<\/p>\n<p>Und f\u00fcr ein neu interpretiertes walisisches Volkslied, das auf einer alten Sage basiert, hat Micha Rhein sogar seine alte Mittelalter-Trommel noch einmal aus der Versenkung geholt.<br \/>\nRockiger Drive und metallische H\u00e4rte kommen auf \u201eQuid Pro Quo\u201c nicht zu kurz. Allen voran die erste Single &#8220;St\u00f6rtebeker&#8221; , ein Revoluzzer-Song \u00fcber den Robin Hood der Seem\u00e4nner. \u201eDie Nummer passt wie Arsch auf Eimer zu uns. Die Musik ist sehr folkloristisch.<br \/>\nMarktmusik pur. Typisch IN EXTREMO\u201c, so Micha Rhein. \u201eWir lieben alle das Meer \u2013 f\u00fcr mich ist es das gr\u00f6\u00dfte Land der Erde. St\u00f6rtebeker hat mit seinen Piraten reiche Handelsschiffe \u00fcberfallen und die Beute an die Armen verschenkt\u201c.<\/p>\n<p>Nicht minder heavy t\u00f6nt der Titel-Track &#8220;Quid Pro Quo&#8221; aus den Boxen, dessen treibende Riffs in einem ohrwurmigen Refrain gipfeln und bei dem es unm\u00f6glich ist die F\u00fc\u00dfe stillzuhalten. Die Message dahinter ist ebenso unverbl\u00fcmt auf den Punkt: \u201e &#8220;Quid Pro Quo&#8221; hei\u00dft Geben und Nehmen, aber heutzutage geht es nur noch ums Nehmen. Alle machen die Hand auf, egal wo du bist. Geld regiert die Welt. Ja, das ist Gesellschaftskritik!\u201c, konstatiert Rhein und Van Lange erg\u00e4nzt: \u201eDer Text ist ein Gemeinschaftswerk, an dem wir zu f\u00fcnft geschrieben haben, was nicht oft vorkommt. Wir sind keine politische Band, die sich vor irgendeinen Karren spannen l\u00e4sst, aber hier lag es uns am Herzen das mal zu benennen. Der Schei\u00df, der momentan abgeht ist so allgegenw\u00e4rtig, dass man sich fragt, ob die alle noch richtig ticken.\u201c<\/p>\n<p>Aber auch bei den r\u00e4udigen Textzeilen \u201eNutten kosten Geld, Drogen kosten Geld, Suff kostet Geld\u201c vergessen IN EXTREMO ihren augenzwinkernden Humor nicht und erg\u00e4nzen schelmisch \u201eEin Narr, wems nicht gef\u00e4llt\u201c.<br \/>\nIhrer Liebe zu Russland fr\u00f6nen die Sieben in gleich zwei St\u00fccken: Zum einen in einer mit einem rollenden Riff versehenen und auf Russisch gesungenen Sage vom Schwarzen Raben, der den Sensemann symbolisiert und zum anderen im rauen Rocker &#8220;Roter Stern&#8221;, dessen Wehmut und Schwere die Seele ber\u00fchrt. \u201eRussland ist f\u00fcr mich wie ein St\u00fcck Heimat, weil ich es seit der Kindheit kenne\u201c, erz\u00e4hlt Micha Rhein. \u201eEs ist ein raues Land mit einem warmen Herzen, und zudem einer der sch\u00f6nsten Orte der Welt\u201c. Erstmals arbeiteten IN EXTREMO mit einem Moskauer Kosaken Chor, dessen majest\u00e4tischer, durchdringender Gesang beiden Liedern eine ganz besondere Aura verleiht.<\/p>\n<p>Und noch weitere Premieren hat \u201eQuid Pro Quo\u201c zu bieten: Blind-Guardian-S\u00e4nger Hansi K\u00fcrsch, der mit seiner Band ebenfalls zahlreiche Reisen durch Russland erlebte, ist als Gasts\u00e4nger auf &#8220;Roter Stern&#8221; zu h\u00f6ren. \u201eHansi hat sofort zugesagt\u201c, blickt Rhein zur\u00fcck. \u201eAls ich ihm sagte, dass der Text auf Deutsch ist, meinte er: \u201eDas ist ja interessant. Das hab ich noch nie in meinem Leben gemacht.\u201c&#8221;<\/p>\n<p>Neben K\u00fcrsch tummeln sich Marcus \u201eMolle\u201c Bischoff und Alexander \u201eAli\u201c Dietz von Heaven Shall Burn als Gasts\u00e4nger auf \u201eQuid Pro Quo\u201c, die dem d\u00fcster- heftigen &#8220;Flaschenteufel&#8221; ihre Stimmen leihen.<\/p>\n<p>Mit \u201eQuid Pro Quo\u201c werden IN EXTREMO wieder durch die Lande touren. Deutschland, \u00d6sterreich, Schweiz, Weissrussland, Ukraine, Russland stehen bereits auf dem Plan. \u201eEs wird ein neues B\u00fchnenbild geben\u201c, verspricht Van Lange. \u201eAber IN EXTREMO wird IN EXTREMO bleiben \u2013 ein gut gelaunter Haufen bunter V\u00f6gel\u201c.<br \/>\nUnd Frontmann Micha Rhein prophezeit: \u201eVor meinem inneren Auge sehe ich schon die Staubwolke, die entsteht, wenn wir &#8220;St\u00f6rtebeker&#8221; auf einem Festival spielen. Darauf freu ich mich schon!\u201c<\/p>\n","protected":false},"author":1,"featured_media":2994,"template":"","festival":[60,27],"class_list":["post-2993","act","type-act","status-publish","has-post-thumbnail","hentry","festival-2005-en","festival-27"],"acf":{"website":"https:\/\/www.inextremo.de\/","facebook_url":"https:\/\/www.facebook.com\/officialinextremo","spotify_url":"","date":null,"begin":"","end":"","location":"","amphi_festival_premiere":false},"yoast_head":"<!-- This site is optimized with the Yoast SEO plugin v27.4 - https:\/\/yoast.com\/product\/yoast-seo-wordpress\/ -->\n<title>In Extremo - Amphi Festival 2026 - Tanzbrunnen Cologne<\/title>\n<meta name=\"description\" content=\"Der donnernde Jubel der \u201e20 Wahre Jahre\u201c Jubil\u00e4ums Festivals letztes Jahr auf der Loreley klingt noch in den Ohren. Es war ein standesgem\u00e4\u00dfes Fest, das IN\" \/>\n<meta name=\"robots\" content=\"index, follow, max-snippet:-1, max-image-preview:large, max-video-preview:-1\" \/>\n<link rel=\"canonical\" href=\"https:\/\/amphi-festival.de\/en\/act\/in-extremo\/\" \/>\n<meta property=\"og:locale\" content=\"en_US\" \/>\n<meta property=\"og:type\" content=\"article\" \/>\n<meta property=\"og:title\" content=\"In Extremo - Amphi Festival 2026 - Tanzbrunnen Cologne\" \/>\n<meta property=\"og:description\" content=\"Der donnernde Jubel der \u201e20 Wahre Jahre\u201c Jubil\u00e4ums Festivals letztes Jahr auf der Loreley klingt noch in den Ohren. Es war ein standesgem\u00e4\u00dfes Fest, das IN\" \/>\n<meta property=\"og:url\" content=\"https:\/\/amphi-festival.de\/en\/act\/in-extremo\/\" \/>\n<meta property=\"og:site_name\" content=\"Amphi Festival 2026 - Tanzbrunnen Cologne\" \/>\n<meta property=\"article:publisher\" content=\"https:\/\/www.facebook.com\/amphifestival\" \/>\n<meta property=\"og:image\" content=\"https:\/\/amphi-festival.de\/wp-content\/uploads\/sites\/2\/2024\/04\/In-Extremo.jpg\" \/>\n\t<meta property=\"og:image:width\" content=\"640\" \/>\n\t<meta property=\"og:image:height\" content=\"426\" \/>\n\t<meta property=\"og:image:type\" content=\"image\/jpeg\" \/>\n<meta name=\"twitter:card\" content=\"summary_large_image\" \/>\n<meta name=\"twitter:label1\" content=\"Est. reading time\" \/>\n\t<meta name=\"twitter:data1\" content=\"5 minutes\" \/>\n<script type=\"application\/ld+json\" class=\"yoast-schema-graph\">{\"@context\":\"https:\\\/\\\/schema.org\",\"@graph\":[{\"@type\":\"WebPage\",\"@id\":\"https:\\\/\\\/amphi-festival.de\\\/en\\\/act\\\/in-extremo\\\/\",\"url\":\"https:\\\/\\\/amphi-festival.de\\\/en\\\/act\\\/in-extremo\\\/\",\"name\":\"In Extremo - Amphi Festival 2026 - Tanzbrunnen Cologne\",\"isPartOf\":{\"@id\":\"https:\\\/\\\/amphi-festival.de\\\/en\\\/#website\"},\"primaryImageOfPage\":{\"@id\":\"https:\\\/\\\/amphi-festival.de\\\/en\\\/act\\\/in-extremo\\\/#primaryimage\"},\"image\":{\"@id\":\"https:\\\/\\\/amphi-festival.de\\\/en\\\/act\\\/in-extremo\\\/#primaryimage\"},\"thumbnailUrl\":\"https:\\\/\\\/amphi-festival.de\\\/wp-content\\\/uploads\\\/sites\\\/2\\\/2024\\\/04\\\/In-Extremo.jpg\",\"datePublished\":\"2024-04-23T08:58:23+00:00\",\"description\":\"Der donnernde Jubel der \u201e20 Wahre Jahre\u201c Jubil\u00e4ums Festivals letztes Jahr auf der Loreley klingt noch in den Ohren. Es war ein standesgem\u00e4\u00dfes Fest, das IN\",\"breadcrumb\":{\"@id\":\"https:\\\/\\\/amphi-festival.de\\\/en\\\/act\\\/in-extremo\\\/#breadcrumb\"},\"inLanguage\":\"en-US\",\"potentialAction\":[{\"@type\":\"ReadAction\",\"target\":[\"https:\\\/\\\/amphi-festival.de\\\/en\\\/act\\\/in-extremo\\\/\"]}]},{\"@type\":\"ImageObject\",\"inLanguage\":\"en-US\",\"@id\":\"https:\\\/\\\/amphi-festival.de\\\/en\\\/act\\\/in-extremo\\\/#primaryimage\",\"url\":\"https:\\\/\\\/amphi-festival.de\\\/wp-content\\\/uploads\\\/sites\\\/2\\\/2024\\\/04\\\/In-Extremo.jpg\",\"contentUrl\":\"https:\\\/\\\/amphi-festival.de\\\/wp-content\\\/uploads\\\/sites\\\/2\\\/2024\\\/04\\\/In-Extremo.jpg\",\"width\":640,\"height\":426},{\"@type\":\"BreadcrumbList\",\"@id\":\"https:\\\/\\\/amphi-festival.de\\\/en\\\/act\\\/in-extremo\\\/#breadcrumb\",\"itemListElement\":[{\"@type\":\"ListItem\",\"position\":1,\"name\":\"Startseite\",\"item\":\"https:\\\/\\\/amphi-festival.de\\\/en\\\/\"},{\"@type\":\"ListItem\",\"position\":2,\"name\":\"In Extremo\"}]},{\"@type\":\"WebSite\",\"@id\":\"https:\\\/\\\/amphi-festival.de\\\/en\\\/#website\",\"url\":\"https:\\\/\\\/amphi-festival.de\\\/en\\\/\",\"name\":\"Amphi Festival 2026 - Tanzbrunnen K\u00f6ln\",\"description\":\"XX Amphi-Festival - Tanzbrunnen Cologne vom 25.-26.July 2026\",\"publisher\":{\"@id\":\"https:\\\/\\\/amphi-festival.de\\\/en\\\/#organization\"},\"alternateName\":\"Amphi Festival\",\"potentialAction\":[{\"@type\":\"SearchAction\",\"target\":{\"@type\":\"EntryPoint\",\"urlTemplate\":\"https:\\\/\\\/amphi-festival.de\\\/en\\\/?s={search_term_string}\"},\"query-input\":{\"@type\":\"PropertyValueSpecification\",\"valueRequired\":true,\"valueName\":\"search_term_string\"}}],\"inLanguage\":\"en-US\"},{\"@type\":\"Organization\",\"@id\":\"https:\\\/\\\/amphi-festival.de\\\/en\\\/#organization\",\"name\":\"Amphi Festival GmbH\",\"alternateName\":\"Amphi Festival\",\"url\":\"https:\\\/\\\/amphi-festival.de\\\/en\\\/\",\"logo\":{\"@type\":\"ImageObject\",\"inLanguage\":\"en-US\",\"@id\":\"https:\\\/\\\/amphi-festival.de\\\/en\\\/#\\\/schema\\\/logo\\\/image\\\/\",\"url\":\"https:\\\/\\\/amphi-festival.de\\\/wp-content\\\/uploads\\\/sites\\\/2\\\/2024\\\/04\\\/amphi-logo-696x969-1-jpg.webp\",\"contentUrl\":\"https:\\\/\\\/amphi-festival.de\\\/wp-content\\\/uploads\\\/sites\\\/2\\\/2024\\\/04\\\/amphi-logo-696x969-1-jpg.webp\",\"width\":696,\"height\":696,\"caption\":\"Amphi Festival GmbH\"},\"image\":{\"@id\":\"https:\\\/\\\/amphi-festival.de\\\/en\\\/#\\\/schema\\\/logo\\\/image\\\/\"},\"sameAs\":[\"https:\\\/\\\/www.facebook.com\\\/amphifestival\",\"https:\\\/\\\/www.youtube.com\\\/amphicrew\",\"https:\\\/\\\/www.instagram.com\\\/amphifestival\\\/\",\"https:\\\/\\\/www.tiktok.com\\\/@amphifestival\"]}]}<\/script>\n<!-- \/ Yoast SEO plugin. -->","yoast_head_json":{"title":"In Extremo - Amphi Festival 2026 - Tanzbrunnen Cologne","description":"Der donnernde Jubel der \u201e20 Wahre Jahre\u201c Jubil\u00e4ums Festivals letztes Jahr auf der Loreley klingt noch in den Ohren. Es war ein standesgem\u00e4\u00dfes Fest, das IN","robots":{"index":"index","follow":"follow","max-snippet":"max-snippet:-1","max-image-preview":"max-image-preview:large","max-video-preview":"max-video-preview:-1"},"canonical":"https:\/\/amphi-festival.de\/en\/act\/in-extremo\/","og_locale":"en_US","og_type":"article","og_title":"In Extremo - Amphi Festival 2026 - Tanzbrunnen Cologne","og_description":"Der donnernde Jubel der \u201e20 Wahre Jahre\u201c Jubil\u00e4ums Festivals letztes Jahr auf der Loreley klingt noch in den Ohren. Es war ein standesgem\u00e4\u00dfes Fest, das IN","og_url":"https:\/\/amphi-festival.de\/en\/act\/in-extremo\/","og_site_name":"Amphi Festival 2026 - Tanzbrunnen Cologne","article_publisher":"https:\/\/www.facebook.com\/amphifestival","og_image":[{"width":640,"height":426,"url":"https:\/\/amphi-festival.de\/wp-content\/uploads\/sites\/2\/2024\/04\/In-Extremo.jpg","type":"image\/jpeg"}],"twitter_card":"summary_large_image","twitter_misc":{"Est. reading time":"5 minutes"},"schema":{"@context":"https:\/\/schema.org","@graph":[{"@type":"WebPage","@id":"https:\/\/amphi-festival.de\/en\/act\/in-extremo\/","url":"https:\/\/amphi-festival.de\/en\/act\/in-extremo\/","name":"In Extremo - Amphi Festival 2026 - Tanzbrunnen Cologne","isPartOf":{"@id":"https:\/\/amphi-festival.de\/en\/#website"},"primaryImageOfPage":{"@id":"https:\/\/amphi-festival.de\/en\/act\/in-extremo\/#primaryimage"},"image":{"@id":"https:\/\/amphi-festival.de\/en\/act\/in-extremo\/#primaryimage"},"thumbnailUrl":"https:\/\/amphi-festival.de\/wp-content\/uploads\/sites\/2\/2024\/04\/In-Extremo.jpg","datePublished":"2024-04-23T08:58:23+00:00","description":"Der donnernde Jubel der \u201e20 Wahre Jahre\u201c Jubil\u00e4ums Festivals letztes Jahr auf der Loreley klingt noch in den Ohren. Es war ein standesgem\u00e4\u00dfes Fest, das IN","breadcrumb":{"@id":"https:\/\/amphi-festival.de\/en\/act\/in-extremo\/#breadcrumb"},"inLanguage":"en-US","potentialAction":[{"@type":"ReadAction","target":["https:\/\/amphi-festival.de\/en\/act\/in-extremo\/"]}]},{"@type":"ImageObject","inLanguage":"en-US","@id":"https:\/\/amphi-festival.de\/en\/act\/in-extremo\/#primaryimage","url":"https:\/\/amphi-festival.de\/wp-content\/uploads\/sites\/2\/2024\/04\/In-Extremo.jpg","contentUrl":"https:\/\/amphi-festival.de\/wp-content\/uploads\/sites\/2\/2024\/04\/In-Extremo.jpg","width":640,"height":426},{"@type":"BreadcrumbList","@id":"https:\/\/amphi-festival.de\/en\/act\/in-extremo\/#breadcrumb","itemListElement":[{"@type":"ListItem","position":1,"name":"Startseite","item":"https:\/\/amphi-festival.de\/en\/"},{"@type":"ListItem","position":2,"name":"In Extremo"}]},{"@type":"WebSite","@id":"https:\/\/amphi-festival.de\/en\/#website","url":"https:\/\/amphi-festival.de\/en\/","name":"Amphi Festival 2026 - Tanzbrunnen K\u00f6ln","description":"XX Amphi-Festival - Tanzbrunnen Cologne vom 25.-26.July 2026","publisher":{"@id":"https:\/\/amphi-festival.de\/en\/#organization"},"alternateName":"Amphi Festival","potentialAction":[{"@type":"SearchAction","target":{"@type":"EntryPoint","urlTemplate":"https:\/\/amphi-festival.de\/en\/?s={search_term_string}"},"query-input":{"@type":"PropertyValueSpecification","valueRequired":true,"valueName":"search_term_string"}}],"inLanguage":"en-US"},{"@type":"Organization","@id":"https:\/\/amphi-festival.de\/en\/#organization","name":"Amphi Festival GmbH","alternateName":"Amphi Festival","url":"https:\/\/amphi-festival.de\/en\/","logo":{"@type":"ImageObject","inLanguage":"en-US","@id":"https:\/\/amphi-festival.de\/en\/#\/schema\/logo\/image\/","url":"https:\/\/amphi-festival.de\/wp-content\/uploads\/sites\/2\/2024\/04\/amphi-logo-696x969-1-jpg.webp","contentUrl":"https:\/\/amphi-festival.de\/wp-content\/uploads\/sites\/2\/2024\/04\/amphi-logo-696x969-1-jpg.webp","width":696,"height":696,"caption":"Amphi Festival GmbH"},"image":{"@id":"https:\/\/amphi-festival.de\/en\/#\/schema\/logo\/image\/"},"sameAs":["https:\/\/www.facebook.com\/amphifestival","https:\/\/www.youtube.com\/amphicrew","https:\/\/www.instagram.com\/amphifestival\/","https:\/\/www.tiktok.com\/@amphifestival"]}]}},"_links":{"self":[{"href":"https:\/\/amphi-festival.de\/en\/wp-json\/wp\/v2\/act\/2993","targetHints":{"allow":["GET"]}}],"collection":[{"href":"https:\/\/amphi-festival.de\/en\/wp-json\/wp\/v2\/act"}],"about":[{"href":"https:\/\/amphi-festival.de\/en\/wp-json\/wp\/v2\/types\/act"}],"author":[{"embeddable":true,"href":"https:\/\/amphi-festival.de\/en\/wp-json\/wp\/v2\/users\/1"}],"version-history":[{"count":1,"href":"https:\/\/amphi-festival.de\/en\/wp-json\/wp\/v2\/act\/2993\/revisions"}],"predecessor-version":[{"id":2996,"href":"https:\/\/amphi-festival.de\/en\/wp-json\/wp\/v2\/act\/2993\/revisions\/2996"}],"wp:featuredmedia":[{"embeddable":true,"href":"https:\/\/amphi-festival.de\/en\/wp-json\/wp\/v2\/media\/2994"}],"wp:attachment":[{"href":"https:\/\/amphi-festival.de\/en\/wp-json\/wp\/v2\/media?parent=2993"}],"wp:term":[{"taxonomy":"festival","embeddable":true,"href":"https:\/\/amphi-festival.de\/en\/wp-json\/wp\/v2\/festival?post=2993"}],"curies":[{"name":"wp","href":"https:\/\/api.w.org\/{rel}","templated":true}]}}